{"version":"1.0","provider_name":"\u00d6z\u00f6nv\u00edz","provider_url":"https:\/\/ozonviz.cafeblog.hu","author_name":"ozonviz","author_url":"https:\/\/ozonviz.cafeblog.hu\/author\/ozonviz\/","title":"","html":"<P><SPAN style=\"FONT-FAMILY: Verdana\"><SPAN style=\"FONT-SIZE: 10px\">Tisztul a fejem...<\/SPAN><\/SPAN><\/P>\r\n<P><SPAN style=\"FONT-SIZE: 10px; FONT-FAMILY: Verdana\">Valahogy sosem gondoltam volna, hogy ennyire magam el\u0151l is vannak bennem elz\u00e1rva dolgaim. Azta, micsoda \u00e9rtelmes mondat... :)<\/SPAN><\/P>\r\n<P><SPAN style=\"FONT-SIZE: 10px; FONT-FAMILY: Verdana\">Nincs id\u0151m m\u00e1r (\u00e1lmos vagyok, nagyon f\u00e1j a torkom \u00e9s k\u00f6h\u00f6g\u00f6k is) le\u00edrni pontr\u00f3l pontra, mi t\u00f6rt\u00e9nt \u00e9s hogyan, ami elgondolkodtatott, ink\u00e1bb egyfajta \u00f6sszegz\u00e9s lesz ez legink\u00e1bb&nbsp;magam sz\u00e1m\u00e1ra val\u00f3sz\u00edn\u0171leg. Sok\u00e1ig r\u00e1g\u00f3dtam azon, merre induljak el, kinek mi lesz j\u00f3, ha az&nbsp;egyik, vagy m\u00e1sik utat v\u00e1lasztom. Mindig mindent v\u00e9gigr\u00e1gok, ezzel is ezt tettem, de valakit kifelejtettem. Legink\u00e1bb olyan k\u00e9rd\u00e9seket ragadtam le, hogy mi lesz Gyerk\u0151ccel, ha maradunk egy\u00fctt F\u00e9rjjel \u00e9s mi, ha elv\u00e1lunk; hogy ki fogok-e j\u00f6nni anyagilag, tudom-e neki biztos\u00edtani, amit szeretn\u00e9k; F\u00e9rj fog-e tudni \u00faj \u00e9letet kezdeni, vagy \u00f6r\u00f6k sebet ejtettem rajta a d\u00f6nt\u00e9semmel, tudunk-e F\u00e9rjjel \u00e9s a csal\u00e1dj\u00e1val norm\u00e1lis kapcsolatot ki\u00e9p\u00edteni, \u00e9sat\u00f6bbi, \u00e9sat\u00f6bbi. Soha eszembe nem jutottam \u00e9n magamnak. Hogy velem mi fog t\u00f6rt\u00e9nni, hogy benne mi zajlik majd le. \u00c9s most, hogy pontr\u00f3l pontra haladok \u00e9s pip\u00e1lom az aggodalmaimat, amik megold\u00f3dnak sz\u00e9p sorban, legalul, legbel\u00fcl, legm\u00e9lyebben ott vagyok \u00e9n \u00f6sszekucorogva, mint a kis Vuk. \u00c9s sok\u00e1ig nem \u00e9rtettem. Vagy tal\u00e1n nem is akartam \u00e9rteni. Le nem \u00fcltem volna csendben magammal... A h\u00e9tv\u00e9g\u00e9k, mikor Gyerk\u0151c nem volt itthon, vagy aludt eb\u00e9d ut\u00e1n a figyelemelterel\u00e9sr\u0151l, a menek\u00fcl\u00e9sr\u0151l sz\u00f3ltak. Vagy TVt kapcsoltam be, vagy a g\u00e9pet, vagy elmentem a v\u00e1rosba v\u00e1s\u00e1rolni, pedig nem volt \u00e9get\u0151en sz\u00fcks\u00e9gem semmire, vagy csak \u00fcltem itthon a kupi k\u00f6zep\u00e9n \u00e9s meredtem magam el\u00e9 \u00fcres fejjel, lestem a p\u00f3kh\u00e1l\u00f3t, vagy a mosatlant \u00e9s v\u00e9g\u00fcl r\u00e1csuktam az ajt\u00f3t mindre \u00e9s lementem Szomsz\u00e9dasszonyhoz.<\/SPAN><\/P>\r\n<P><SPAN style=\"FONT-SIZE: 10px; FONT-FAMILY: Verdana\">\u00c9s lassan kezd tisztulni a k\u00e9p bennem, hogy magam el\u00e9 toltam mindenkit \u00e9s azzal egy\u00e1ltal\u00e1n nem foglalkoztam, velem mi lesz. Val\u00f3sz\u00edn\u0171leg azt hittem, hogy a d\u00f6nt\u00e9semmel, ha m\u00e1r k\u00e9t \u00e9v alatt siker\u00fclt meghozni, el is van minden \"sik\u00e1lva\". K\u00f6zben ez az \u00faj helyzet nekem is neh\u00e9z, engem is megvisel. Hogy egyed\u00fcl m\u00e9g k\u00e9t napot sem \u00e9ltem sosem. Hogy d\u00f6nteni sem d\u00f6nt\u00f6ttem m\u00e9g kiz\u00e1r\u00f3lag \u00e9n. (Az m\u00e1r m\u00e1s k\u00e9rd\u00e9s, hogy a megval\u00f3s\u00edt\u00e1s mindig csak az eny\u00e9m volt, de el\u0151tte megbesz\u00e9lt\u00fck.) Nem, nehogy f\u00e9lre\u00e9rtse valaki, nem arr\u00f3l hadov\u00e1lok itt, hogy megb\u00e1ntam a v\u00e1l\u00e1st, vagy szeretn\u00e9m visszacsin\u00e1lni... Csak nem is sejtettem, hogy minden\u00e9rt, mindenki\u00e9rt agg\u00f3dok \u00e9s k\u00f6zben minden megy sim\u00e1n szinte \u00e9s \u00e9n meg annyira nem vagyok j\u00f3l.<\/SPAN><\/P>\r\n<P><SPAN style=\"FONT-SIZE: 10px; FONT-FAMILY: Verdana\">Na, de egy sz\u00f3nak is sz\u00e1z a v\u00e9ge, nem tudom, \u00e9rti-e valaki, mit hablatyolok ide... Lassan l\u00e1tom m\u00e1r, mit mi\u00e9rt tettem \u00fagy az elm\u00falt j\u00f3p\u00e1r h\u00e9tben, kezd \u00f6ssze\u00e1llni a k\u00e9p magamr\u00f3l magamnak \u00e9s vil\u00e1gosodik az elm\u00e9m. \u00c9s tal\u00e1n bolond, vagy dilis sem vagyok, csak egy \u00e9rz\u0151 ember, aki igyekszik mindenkinek megfelelni, minden \u00e9s mindenki szempontj\u00e1b\u00f3l j\u00f3l, helyesen&nbsp;d\u00f6nteni \u00e9s azt hat\u00e1rozottan v\u00e9gigcsin\u00e1lni, meg\u00e1llni a l\u00e1b\u00e1n, k\u00f6zben meg valahogy elsiklik af\u00f6l\u00f6tt, hogy vele, mag\u00e1val nem t\u00f6r\u0151d\u00f6tt...<\/SPAN><\/P>","type":"rich"}